{"id":918,"date":"2024-01-25T08:58:03","date_gmt":"2024-01-25T07:58:03","guid":{"rendered":"https:\/\/abrisolaires.com\/?page_id=918"},"modified":"2024-03-22T10:14:31","modified_gmt":"2024-03-22T09:14:31","slug":"abris-speciaux","status":"publish","type":"page","link":"https:\/\/abrisolaires.com\/index.php\/abris-speciaux\/","title":{"rendered":"Abris sp\u00e9ciaux"},"content":{"rendered":"\t\t<div data-elementor-type=\"wp-page\" data-elementor-id=\"918\" class=\"elementor elementor-918\">\n\t\t\t\t<div class=\"elementor-element elementor-element-92e1a07 e-flex e-con-boxed e-con e-parent\" data-id=\"92e1a07\" data-element_type=\"container\">\n\t\t\t\t\t<div class=\"e-con-inner\">\n\t\t\t\t<div class=\"elementor-element elementor-element-22dfae5 elementor-widget elementor-widget-text-editor\" data-id=\"22dfae5\" data-element_type=\"widget\" data-widget_type=\"text-editor.default\">\n\t\t\t\t<div class=\"elementor-widget-container\">\n\t\t\t\t\t\t\t\t\t<p>Abris sp\u00e9ciaux<\/p>\t\t\t\t\t\t\t\t<\/div>\n\t\t\t\t<\/div>\n\t\t\t\t\t<\/div>\n\t\t\t\t<\/div>\n\t\t<div class=\"elementor-element elementor-element-a8f5616 e-flex e-con-boxed e-con e-parent\" data-id=\"a8f5616\" data-element_type=\"container\" data-settings=\"{&quot;background_background&quot;:&quot;classic&quot;}\">\n\t\t\t\t\t<div class=\"e-con-inner\">\n\t\t\t\t<div class=\"elementor-element elementor-element-89715ec elementor-widget elementor-widget-image\" data-id=\"89715ec\" data-element_type=\"widget\" data-widget_type=\"image.default\">\n\t\t\t\t<div class=\"elementor-widget-container\">\n\t\t\t\t\t\t\t\t\t\t\t\t\t\t\t<img fetchpriority=\"high\" decoding=\"async\" width=\"1600\" height=\"900\" src=\"https:\/\/abrisolaires.com\/wp-content\/uploads\/2024\/01\/IMG-20231207-WA0022.jpg\" class=\"attachment-2048x2048 size-2048x2048 wp-image-922\" alt=\"abris sp\u00e9ciaux\" srcset=\"https:\/\/abrisolaires.com\/wp-content\/uploads\/2024\/01\/IMG-20231207-WA0022.jpg 1600w, https:\/\/abrisolaires.com\/wp-content\/uploads\/2024\/01\/IMG-20231207-WA0022-300x169.jpg 300w, https:\/\/abrisolaires.com\/wp-content\/uploads\/2024\/01\/IMG-20231207-WA0022-1024x576.jpg 1024w, https:\/\/abrisolaires.com\/wp-content\/uploads\/2024\/01\/IMG-20231207-WA0022-768x432.jpg 768w, https:\/\/abrisolaires.com\/wp-content\/uploads\/2024\/01\/IMG-20231207-WA0022-1536x864.jpg 1536w, https:\/\/abrisolaires.com\/wp-content\/uploads\/2024\/01\/IMG-20231207-WA0022-800x450.jpg 800w\" sizes=\"(max-width: 1600px) 100vw, 1600px\" \/>\t\t\t\t\t\t\t\t\t\t\t\t\t\t\t<\/div>\n\t\t\t\t<\/div>\n\t\t\t\t\t<\/div>\n\t\t\t\t<\/div>\n\t\t<div class=\"elementor-element elementor-element-d240ecb e-flex e-con-boxed e-con e-parent\" data-id=\"d240ecb\" data-element_type=\"container\">\n\t\t\t\t\t<div class=\"e-con-inner\">\n\t\t<div class=\"elementor-element elementor-element-35a6d4b e-con-full e-flex e-con e-child\" data-id=\"35a6d4b\" data-element_type=\"container\">\n\t\t\t\t<div class=\"elementor-element elementor-element-0b52611 elementor-widget elementor-widget-spacer\" data-id=\"0b52611\" data-element_type=\"widget\" data-widget_type=\"spacer.default\">\n\t\t\t\t<div class=\"elementor-widget-container\">\n\t\t\t\t\t\t\t<div class=\"elementor-spacer\">\n\t\t\t<div class=\"elementor-spacer-inner\"><\/div>\n\t\t<\/div>\n\t\t\t\t\t\t<\/div>\n\t\t\t\t<\/div>\n\t\t\t\t<div class=\"elementor-element elementor-element-676eec6 elementor-widget__width-initial elementor-widget elementor-widget-text-editor\" data-id=\"676eec6\" data-element_type=\"widget\" data-widget_type=\"text-editor.default\">\n\t\t\t\t<div class=\"elementor-widget-container\">\n\t\t\t\t\t\t\t\t\t<p>CONCEPTEUR et REALISATEUR, nous vous accompagnons dans tous vos projets d&rsquo;am\u00e9nagement.<\/p>\t\t\t\t\t\t\t\t<\/div>\n\t\t\t\t<\/div>\n\t\t\t\t<div class=\"elementor-element elementor-element-b050ba7 elementor-widget__width-inherit elementor-widget elementor-widget-text-editor\" data-id=\"b050ba7\" data-element_type=\"widget\" data-widget_type=\"text-editor.default\">\n\t\t\t\t<div class=\"elementor-widget-container\">\n\t\t\t\t\t\t\t\t\t<p>De la conception \u00e0 la r\u00e9alisation, vous interagissez uniquement avec un technicien d\u00e9di\u00e9, et b\u00e9n\u00e9ficiez d\u2019un accompagnement personnalis\u00e9 jusqu&rsquo;\u00e0 la finalisation de votre abri solaire.<\/p><p>Chaque demande est \u00e9tudi\u00e9e au cas par cas, afin de s\u2019adapter au mieux \u00e0 vos besoins et vos envies.<\/p><p>Notre entreprise intervient en Rh\u00f4ne-Alpes et dans toute la France, alors n\u2019attendez plus !<\/p>\t\t\t\t\t\t\t\t<\/div>\n\t\t\t\t<\/div>\n\t\t\t\t<\/div>\n\t\t<div class=\"elementor-element elementor-element-9ae360f e-flex e-con-boxed e-con e-child\" data-id=\"9ae360f\" data-element_type=\"container\">\n\t\t\t\t\t<div class=\"e-con-inner\">\n\t\t\t\t<div class=\"elementor-element elementor-element-1034cdf elementor-widget elementor-widget-image\" data-id=\"1034cdf\" data-element_type=\"widget\" data-widget_type=\"image.default\">\n\t\t\t\t<div class=\"elementor-widget-container\">\n\t\t\t\t\t\t\t\t\t\t\t\t\t\t\t<img decoding=\"async\" width=\"2048\" height=\"2048\" src=\"https:\/\/abrisolaires.com\/wp-content\/uploads\/2024\/03\/2-1-2048x2048.jpg\" class=\"attachment-2048x2048 size-2048x2048 wp-image-1610\" alt=\"abris sp\u00e9ciaux\" srcset=\"https:\/\/abrisolaires.com\/wp-content\/uploads\/2024\/03\/2-1-2048x2048.jpg 2048w, https:\/\/abrisolaires.com\/wp-content\/uploads\/2024\/03\/2-1-300x300.jpg 300w, https:\/\/abrisolaires.com\/wp-content\/uploads\/2024\/03\/2-1-1024x1024.jpg 1024w, https:\/\/abrisolaires.com\/wp-content\/uploads\/2024\/03\/2-1-150x150.jpg 150w, https:\/\/abrisolaires.com\/wp-content\/uploads\/2024\/03\/2-1-768x768.jpg 768w, https:\/\/abrisolaires.com\/wp-content\/uploads\/2024\/03\/2-1-1536x1536.jpg 1536w, https:\/\/abrisolaires.com\/wp-content\/uploads\/2024\/03\/2-1-600x600.jpg 600w\" sizes=\"(max-width: 2048px) 100vw, 2048px\" \/>\t\t\t\t\t\t\t\t\t\t\t\t\t\t\t<\/div>\n\t\t\t\t<\/div>\n\t\t\t\t\t<\/div>\n\t\t\t\t<\/div>\n\t\t\t\t\t<\/div>\n\t\t\t\t<\/div>\n\t\t<div class=\"elementor-element elementor-element-a350ca6 e-flex e-con-boxed e-con e-parent\" data-id=\"a350ca6\" data-element_type=\"container\">\n\t\t\t\t\t<div class=\"e-con-inner\">\n\t\t\t\t<div class=\"elementor-element elementor-element-d658b0d elementor-widget elementor-widget-spacer\" data-id=\"d658b0d\" data-element_type=\"widget\" data-widget_type=\"spacer.default\">\n\t\t\t\t<div class=\"elementor-widget-container\">\n\t\t\t\t\t\t\t<div class=\"elementor-spacer\">\n\t\t\t<div class=\"elementor-spacer-inner\"><\/div>\n\t\t<\/div>\n\t\t\t\t\t\t<\/div>\n\t\t\t\t<\/div>\n\t\t\t\t\t<\/div>\n\t\t\t\t<\/div>\n\t\t<div class=\"elementor-element elementor-element-02cbafc e-con-full e-flex e-con e-parent\" data-id=\"02cbafc\" data-element_type=\"container\" data-settings=\"{&quot;background_background&quot;:&quot;classic&quot;}\">\n\t\t<div class=\"elementor-element elementor-element-3957f2c e-con-full e-flex e-con e-child\" data-id=\"3957f2c\" data-element_type=\"container\">\n\t\t\t\t<div class=\"elementor-element elementor-element-4e28a6a elementor-widget__width-initial elementor-widget elementor-widget-heading\" data-id=\"4e28a6a\" data-element_type=\"widget\" data-settings=\"{&quot;_animation&quot;:&quot;none&quot;}\" data-widget_type=\"heading.default\">\n\t\t\t\t<div class=\"elementor-widget-container\">\n\t\t\t\t\t<h2 class=\"elementor-heading-title elementor-size-default\">Une envie ? Un projet ?<\/h2>\t\t\t\t<\/div>\n\t\t\t\t<\/div>\n\t\t\t\t<div class=\"elementor-element elementor-element-cbb30a0 elementor-widget__width-initial elementor-widget elementor-widget-heading\" data-id=\"cbb30a0\" data-element_type=\"widget\" data-settings=\"{&quot;_animation&quot;:&quot;none&quot;}\" data-widget_type=\"heading.default\">\n\t\t\t\t<div class=\"elementor-widget-container\">\n\t\t\t\t\t<h2 class=\"elementor-heading-title elementor-size-default\"> Contactez nous !<\/h2>\t\t\t\t<\/div>\n\t\t\t\t<\/div>\n\t\t\t\t<div class=\"elementor-element elementor-element-7d5121d elementor-widget__width-initial elementor-widget elementor-widget-heading\" data-id=\"7d5121d\" data-element_type=\"widget\" data-settings=\"{&quot;_animation&quot;:&quot;none&quot;}\" data-widget_type=\"heading.default\">\n\t\t\t\t<div class=\"elementor-widget-container\">\n\t\t\t\t\t<h2 class=\"elementor-heading-title elementor-size-default\">Devis d\u00e9taill\u00e9s et plans d'avant-projet gratuits<\/h2>\t\t\t\t<\/div>\n\t\t\t\t<\/div>\n\t\t\t\t<\/div>\n\t\t<div class=\"elementor-element elementor-element-35a5881 e-con-full e-flex e-con e-child\" data-id=\"35a5881\" data-element_type=\"container\">\n\t\t\t\t<div class=\"elementor-element elementor-element-01d43bb elementor-align-right elementor-mobile-align-center elementor-widget-mobile__width-inherit elementor-widget elementor-widget-button\" data-id=\"01d43bb\" data-element_type=\"widget\" data-widget_type=\"button.default\">\n\t\t\t\t<div class=\"elementor-widget-container\">\n\t\t\t\t\t\t\t\t\t<div class=\"elementor-button-wrapper\">\n\t\t\t\t\t<a class=\"elementor-button elementor-button-link elementor-size-md\" href=\"https:\/\/abrisolaires.com\/index.php\/contact\/\">\n\t\t\t\t\t\t<span class=\"elementor-button-content-wrapper\">\n\t\t\t\t\t\t\t\t\t<span class=\"elementor-button-text\">CONTACT<\/span>\n\t\t\t\t\t<\/span>\n\t\t\t\t\t<\/a>\n\t\t\t\t<\/div>\n\t\t\t\t\t\t\t\t<\/div>\n\t\t\t\t<\/div>\n\t\t\t\t<\/div>\n\t\t\t\t<\/div>\n\t\t<div class=\"elementor-element elementor-element-4cebc4e e-flex e-con-boxed e-con e-parent\" data-id=\"4cebc4e\" data-element_type=\"container\">\n\t\t\t\t\t<div class=\"e-con-inner\">\n\t\t\t\t<div class=\"elementor-element elementor-element-2af9f8f elementor-widget elementor-widget-spacer\" data-id=\"2af9f8f\" data-element_type=\"widget\" data-widget_type=\"spacer.default\">\n\t\t\t\t<div class=\"elementor-widget-container\">\n\t\t\t\t\t\t\t<div class=\"elementor-spacer\">\n\t\t\t<div class=\"elementor-spacer-inner\"><\/div>\n\t\t<\/div>\n\t\t\t\t\t\t<\/div>\n\t\t\t\t<\/div>\n\t\t\t\t\t<\/div>\n\t\t\t\t<\/div>\n\t\t<div class=\"elementor-element elementor-element-d914811 e-flex e-con-boxed e-con e-parent\" data-id=\"d914811\" data-element_type=\"container\">\n\t\t\t\t\t<div class=\"e-con-inner\">\n\t\t<div class=\"elementor-element elementor-element-d5bac2d e-con-full e-flex e-con e-child\" data-id=\"d5bac2d\" data-element_type=\"container\">\n\t\t\t\t<div class=\"elementor-element elementor-element-2148c9e elementor-widget elementor-widget-image\" data-id=\"2148c9e\" data-element_type=\"widget\" data-widget_type=\"image.default\">\n\t\t\t\t<div class=\"elementor-widget-container\">\n\t\t\t\t\t\t\t\t\t\t\t\t\t\t\t<img decoding=\"async\" width=\"1024\" height=\"768\" src=\"https:\/\/abrisolaires.com\/wp-content\/uploads\/2024\/02\/IMG-20231207-WA0012-1024x768.jpg\" class=\"attachment-large size-large wp-image-1230\" alt=\"abris sp\u00e9ciaux\" srcset=\"https:\/\/abrisolaires.com\/wp-content\/uploads\/2024\/02\/IMG-20231207-WA0012-1024x768.jpg 1024w, https:\/\/abrisolaires.com\/wp-content\/uploads\/2024\/02\/IMG-20231207-WA0012-300x225.jpg 300w, https:\/\/abrisolaires.com\/wp-content\/uploads\/2024\/02\/IMG-20231207-WA0012-768x576.jpg 768w, https:\/\/abrisolaires.com\/wp-content\/uploads\/2024\/02\/IMG-20231207-WA0012-1536x1152.jpg 1536w, https:\/\/abrisolaires.com\/wp-content\/uploads\/2024\/02\/IMG-20231207-WA0012.jpg 1600w\" sizes=\"(max-width: 1024px) 100vw, 1024px\" \/>\t\t\t\t\t\t\t\t\t\t\t\t\t\t\t<\/div>\n\t\t\t\t<\/div>\n\t\t\t\t<\/div>\n\t\t<div class=\"elementor-element elementor-element-ea2fe9c e-con-full e-flex e-con e-child\" data-id=\"ea2fe9c\" data-element_type=\"container\">\n\t\t\t\t<div class=\"elementor-element elementor-element-8ed34de elementor-widget elementor-widget-heading\" data-id=\"8ed34de\" data-element_type=\"widget\" data-widget_type=\"heading.default\">\n\t\t\t\t<div class=\"elementor-widget-container\">\n\t\t\t\t\t<h2 class=\"elementor-heading-title elementor-size-default\">NOS SOLUTIONS D\u2019AMENAGEMENTS<\/h2>\t\t\t\t<\/div>\n\t\t\t\t<\/div>\n\t\t\t\t<div class=\"elementor-element elementor-element-8c99221 elementor-widget__width-inherit elementor-widget elementor-widget-text-editor\" data-id=\"8c99221\" data-element_type=\"widget\" data-widget_type=\"text-editor.default\">\n\t\t\t\t<div class=\"elementor-widget-container\">\n\t\t\t\t\t\t\t\t\t<p>Que ce soit pour des abris bus, ou d&rsquo;autres besoins particuliers, notre approche personnalis\u00e9e offre une solution \u00e0 la fois fonctionnelle et esth\u00e9tique. Chacun de nos abris sp\u00e9ciaux est con\u00e7u avec des mat\u00e9riaux en bois de haute qualit\u00e9, offrant une esth\u00e9tique chaleureuse et naturelle tout en int\u00e9grant des panneaux solaires pour une source d&rsquo;\u00e9nergie renouvelable.<\/p>\t\t\t\t\t\t\t\t<\/div>\n\t\t\t\t<\/div>\n\t\t\t\t<\/div>\n\t\t\t\t\t<\/div>\n\t\t\t\t<\/div>\n\t\t<div class=\"elementor-element elementor-element-85816f6 e-flex e-con-boxed e-con e-parent\" data-id=\"85816f6\" data-element_type=\"container\">\n\t\t\t\t\t<div class=\"e-con-inner\">\n\t\t\t\t<div class=\"elementor-element elementor-element-3043333 elementor-widget elementor-widget-spacer\" data-id=\"3043333\" data-element_type=\"widget\" data-widget_type=\"spacer.default\">\n\t\t\t\t<div class=\"elementor-widget-container\">\n\t\t\t\t\t\t\t<div class=\"elementor-spacer\">\n\t\t\t<div class=\"elementor-spacer-inner\"><\/div>\n\t\t<\/div>\n\t\t\t\t\t\t<\/div>\n\t\t\t\t<\/div>\n\t\t\t\t\t<\/div>\n\t\t\t\t<\/div>\n\t\t<div class=\"elementor-element elementor-element-947a637 e-flex e-con-boxed e-con e-parent\" data-id=\"947a637\" data-element_type=\"container\">\n\t\t\t\t\t<div class=\"e-con-inner\">\n\t\t<div class=\"elementor-element elementor-element-0bde53a e-con-full e-flex e-con e-child\" data-id=\"0bde53a\" data-element_type=\"container\">\n\t\t\t\t<div class=\"elementor-element elementor-element-f82aa96 elementor-widget elementor-widget-heading\" data-id=\"f82aa96\" data-element_type=\"widget\" data-widget_type=\"heading.default\">\n\t\t\t\t<div class=\"elementor-widget-container\">\n\t\t\t\t\t<h2 class=\"elementor-heading-title elementor-size-default\">LES ABRIS SOLAIRES<\/h2>\t\t\t\t<\/div>\n\t\t\t\t<\/div>\n\t\t\t\t<div class=\"elementor-element elementor-element-fc21ee9 elementor-widget__width-inherit elementor-widget elementor-widget-text-editor\" data-id=\"fc21ee9\" data-element_type=\"widget\" data-widget_type=\"text-editor.default\">\n\t\t\t\t<div class=\"elementor-widget-container\">\n\t\t\t\t\t\t\t\t\t<p>Notre \u00e9quipe de concepteurs exp\u00e9riment\u00e9s collabore \u00e9troitement avec vous pour comprendre vos besoins en mati\u00e8re de dimensions, d&rsquo;\u00e9quipements int\u00e9gr\u00e9s, et d&rsquo;esth\u00e9tique. Nous concevons des abris sur mesure qui s&rsquo;adaptent parfaitement \u00e0 l&rsquo;environnement tout en offrant une protection optimale. Que vous soyez une municipalit\u00e9 cherchant \u00e0 am\u00e9liorer l&rsquo;exp\u00e9rience des usagers des transports en commun avec des abris bus solaires, ou une entreprise n\u00e9cessitant des abris sp\u00e9ciaux pour des \u00e9quipements sensibles, notre approche sur mesure garantit une solution adapt\u00e9e \u00e0 chaque contexte.<\/p>\t\t\t\t\t\t\t\t<\/div>\n\t\t\t\t<\/div>\n\t\t\t\t<\/div>\n\t\t<div class=\"elementor-element elementor-element-7ea37bc e-con-full e-flex e-con e-child\" data-id=\"7ea37bc\" data-element_type=\"container\">\n\t\t\t\t<div class=\"elementor-element elementor-element-6a5dbd0 elementor-widget elementor-widget-image\" data-id=\"6a5dbd0\" data-element_type=\"widget\" data-widget_type=\"image.default\">\n\t\t\t\t<div class=\"elementor-widget-container\">\n\t\t\t\t\t\t\t\t\t\t\t\t\t\t\t<img loading=\"lazy\" decoding=\"async\" width=\"1024\" height=\"768\" src=\"https:\/\/abrisolaires.com\/wp-content\/uploads\/2024\/02\/IMG-20230908-WA0011-1024x768.jpg\" class=\"attachment-large size-large wp-image-1394\" alt=\"\" srcset=\"https:\/\/abrisolaires.com\/wp-content\/uploads\/2024\/02\/IMG-20230908-WA0011-1024x768.jpg 1024w, https:\/\/abrisolaires.com\/wp-content\/uploads\/2024\/02\/IMG-20230908-WA0011-300x225.jpg 300w, https:\/\/abrisolaires.com\/wp-content\/uploads\/2024\/02\/IMG-20230908-WA0011-768x576.jpg 768w, https:\/\/abrisolaires.com\/wp-content\/uploads\/2024\/02\/IMG-20230908-WA0011-1536x1152.jpg 1536w, https:\/\/abrisolaires.com\/wp-content\/uploads\/2024\/02\/IMG-20230908-WA0011.jpg 2016w\" sizes=\"(max-width: 1024px) 100vw, 1024px\" \/>\t\t\t\t\t\t\t\t\t\t\t\t\t\t\t<\/div>\n\t\t\t\t<\/div>\n\t\t\t\t<\/div>\n\t\t\t\t\t<\/div>\n\t\t\t\t<\/div>\n\t\t<div class=\"elementor-element elementor-element-6a6e3d4 e-flex e-con-boxed e-con e-parent\" data-id=\"6a6e3d4\" data-element_type=\"container\">\n\t\t\t\t\t<div class=\"e-con-inner\">\n\t\t\t\t<div class=\"elementor-element elementor-element-7db94d1 elementor-widget elementor-widget-spacer\" data-id=\"7db94d1\" data-element_type=\"widget\" data-widget_type=\"spacer.default\">\n\t\t\t\t<div class=\"elementor-widget-container\">\n\t\t\t\t\t\t\t<div class=\"elementor-spacer\">\n\t\t\t<div class=\"elementor-spacer-inner\"><\/div>\n\t\t<\/div>\n\t\t\t\t\t\t<\/div>\n\t\t\t\t<\/div>\n\t\t\t\t\t<\/div>\n\t\t\t\t<\/div>\n\t\t<div class=\"elementor-element elementor-element-fb78658 e-flex e-con-boxed e-con e-parent\" data-id=\"fb78658\" data-element_type=\"container\">\n\t\t\t\t\t<div class=\"e-con-inner\">\n\t\t<div class=\"elementor-element elementor-element-fbdcfb6 e-con-full e-flex e-con e-child\" data-id=\"fbdcfb6\" data-element_type=\"container\">\n\t\t\t\t<div class=\"elementor-element elementor-element-32304a3 elementor-widget elementor-widget-image\" data-id=\"32304a3\" data-element_type=\"widget\" data-widget_type=\"image.default\">\n\t\t\t\t<div class=\"elementor-widget-container\">\n\t\t\t\t\t\t\t\t\t\t\t\t\t\t\t<img loading=\"lazy\" decoding=\"async\" width=\"2048\" height=\"1152\" src=\"https:\/\/abrisolaires.com\/wp-content\/uploads\/2024\/02\/Sco2Bois-Charenton1-2048x1152.jpg\" class=\"attachment-2048x2048 size-2048x2048 wp-image-1364\" alt=\"abri sur mesure bois\" srcset=\"https:\/\/abrisolaires.com\/wp-content\/uploads\/2024\/02\/Sco2Bois-Charenton1-2048x1152.jpg 2048w, https:\/\/abrisolaires.com\/wp-content\/uploads\/2024\/02\/Sco2Bois-Charenton1-300x169.jpg 300w, https:\/\/abrisolaires.com\/wp-content\/uploads\/2024\/02\/Sco2Bois-Charenton1-1024x576.jpg 1024w, https:\/\/abrisolaires.com\/wp-content\/uploads\/2024\/02\/Sco2Bois-Charenton1-768x432.jpg 768w, https:\/\/abrisolaires.com\/wp-content\/uploads\/2024\/02\/Sco2Bois-Charenton1-1536x864.jpg 1536w, https:\/\/abrisolaires.com\/wp-content\/uploads\/2024\/02\/Sco2Bois-Charenton1-800x450.jpg 800w\" sizes=\"(max-width: 2048px) 100vw, 2048px\" \/>\t\t\t\t\t\t\t\t\t\t\t\t\t\t\t<\/div>\n\t\t\t\t<\/div>\n\t\t\t\t<\/div>\n\t\t<div class=\"elementor-element elementor-element-37b5c5c e-con-full e-flex e-con e-child\" data-id=\"37b5c5c\" data-element_type=\"container\">\n\t\t\t\t<div class=\"elementor-element elementor-element-3ac82c6 elementor-widget elementor-widget-image\" data-id=\"3ac82c6\" data-element_type=\"widget\" data-widget_type=\"image.default\">\n\t\t\t\t<div class=\"elementor-widget-container\">\n\t\t\t\t\t\t\t\t\t\t\t\t\t\t\t<img loading=\"lazy\" decoding=\"async\" width=\"1536\" height=\"2048\" src=\"https:\/\/abrisolaires.com\/wp-content\/uploads\/2024\/02\/20220410_160104-1536x2048.jpg\" class=\"attachment-2048x2048 size-2048x2048 wp-image-1368\" alt=\"abri sur mesure bois\" srcset=\"https:\/\/abrisolaires.com\/wp-content\/uploads\/2024\/02\/20220410_160104-1536x2048.jpg 1536w, https:\/\/abrisolaires.com\/wp-content\/uploads\/2024\/02\/20220410_160104-225x300.jpg 225w, https:\/\/abrisolaires.com\/wp-content\/uploads\/2024\/02\/20220410_160104-768x1024.jpg 768w, https:\/\/abrisolaires.com\/wp-content\/uploads\/2024\/02\/20220410_160104-1152x1536.jpg 1152w, https:\/\/abrisolaires.com\/wp-content\/uploads\/2024\/02\/20220410_160104-scaled.jpg 1920w\" sizes=\"(max-width: 1536px) 100vw, 1536px\" \/>\t\t\t\t\t\t\t\t\t\t\t\t\t\t\t<\/div>\n\t\t\t\t<\/div>\n\t\t\t\t<\/div>\n\t\t<div class=\"elementor-element elementor-element-f02d97d e-con-full e-flex e-con e-child\" data-id=\"f02d97d\" data-element_type=\"container\">\n\t\t\t\t<div class=\"elementor-element elementor-element-69e0291 elementor-widget elementor-widget-image\" data-id=\"69e0291\" data-element_type=\"widget\" data-widget_type=\"image.default\">\n\t\t\t\t<div class=\"elementor-widget-container\">\n\t\t\t\t\t\t\t\t\t\t\t\t\t\t\t<img loading=\"lazy\" decoding=\"async\" width=\"1536\" height=\"2048\" src=\"https:\/\/abrisolaires.com\/wp-content\/uploads\/2024\/02\/20201224_145154-1536x2048.jpg\" class=\"attachment-2048x2048 size-2048x2048 wp-image-1372\" alt=\"abri sur mesure bois\" srcset=\"https:\/\/abrisolaires.com\/wp-content\/uploads\/2024\/02\/20201224_145154-1536x2048.jpg 1536w, https:\/\/abrisolaires.com\/wp-content\/uploads\/2024\/02\/20201224_145154-225x300.jpg 225w, https:\/\/abrisolaires.com\/wp-content\/uploads\/2024\/02\/20201224_145154-768x1024.jpg 768w, https:\/\/abrisolaires.com\/wp-content\/uploads\/2024\/02\/20201224_145154-1152x1536.jpg 1152w, https:\/\/abrisolaires.com\/wp-content\/uploads\/2024\/02\/20201224_145154-scaled.jpg 1920w\" sizes=\"(max-width: 1536px) 100vw, 1536px\" \/>\t\t\t\t\t\t\t\t\t\t\t\t\t\t\t<\/div>\n\t\t\t\t<\/div>\n\t\t\t\t<\/div>\n\t\t\t\t\t<\/div>\n\t\t\t\t<\/div>\n\t\t<div class=\"elementor-element elementor-element-73fa24f e-flex e-con-boxed e-con e-parent\" data-id=\"73fa24f\" data-element_type=\"container\">\n\t\t\t\t\t<div class=\"e-con-inner\">\n\t\t<div class=\"elementor-element elementor-element-e5abb87 e-con-full e-flex e-con e-child\" data-id=\"e5abb87\" data-element_type=\"container\">\n\t\t\t\t<div class=\"elementor-element elementor-element-b9e4bf8 elementor-widget elementor-widget-heading\" data-id=\"b9e4bf8\" data-element_type=\"widget\" data-widget_type=\"heading.default\">\n\t\t\t\t<div class=\"elementor-widget-container\">\n\t\t\t\t\t<h2 class=\"elementor-heading-title elementor-size-default\">NOS CLIENTS PARLENT DE NOUS\n<\/h2>\t\t\t\t<\/div>\n\t\t\t\t<\/div>\n\t\t\t\t<div class=\"elementor-element elementor-element-18267c8 elementor-widget elementor-widget-spacer\" data-id=\"18267c8\" data-element_type=\"widget\" data-widget_type=\"spacer.default\">\n\t\t\t\t<div class=\"elementor-widget-container\">\n\t\t\t\t\t\t\t<div class=\"elementor-spacer\">\n\t\t\t<div class=\"elementor-spacer-inner\"><\/div>\n\t\t<\/div>\n\t\t\t\t\t\t<\/div>\n\t\t\t\t<\/div>\n\t\t\t\t<\/div>\n\t\t\t\t\t<\/div>\n\t\t\t\t<\/div>\n\t\t<div class=\"elementor-element elementor-element-e9464c6 e-flex e-con-boxed e-con e-parent\" data-id=\"e9464c6\" data-element_type=\"container\" data-settings=\"{&quot;background_background&quot;:&quot;classic&quot;}\">\n\t\t\t\t\t<div class=\"e-con-inner\">\n\t\t<div class=\"elementor-element elementor-element-0dc4a73 e-con-full e-flex e-con e-child\" data-id=\"0dc4a73\" data-element_type=\"container\">\n\t\t\t\t<div class=\"elementor-element elementor-element-f852c07 elementor-widget elementor-widget-text-editor\" data-id=\"f852c07\" data-element_type=\"widget\" data-widget_type=\"text-editor.default\">\n\t\t\t\t<div class=\"elementor-widget-container\">\n\t\t\t\t\t\t\t\t\t<p>\u00ab L&rsquo;installation de la structure de notre carport est termin\u00e9e. Le r\u00e9sultat est magnifique et tr\u00e8s qualitatif, tr\u00e8s beau travail soign\u00e9, \u00e0 la hauteur de nos exigences.<\/p><p>F\u00e9licitation \u00e0 Alexis et Quentin pour cette belle prestation. \u00bb<\/p><p><strong>Jean Christophe<\/strong><\/p>\t\t\t\t\t\t\t\t<\/div>\n\t\t\t\t<\/div>\n\t\t\t\t<\/div>\n\t\t<div class=\"elementor-element elementor-element-04ed6e2 e-con-full e-flex e-con e-child\" data-id=\"04ed6e2\" data-element_type=\"container\">\n\t\t\t\t<div class=\"elementor-element elementor-element-939e7f3 elementor-widget elementor-widget-text-editor\" data-id=\"939e7f3\" data-element_type=\"widget\" data-widget_type=\"text-editor.default\">\n\t\t\t\t<div class=\"elementor-widget-container\">\n\t\t\t\t\t\t\t\t\t<p>\u00ab Super travail .Tres belle r\u00e9alisation. Tr\u00e8s satisfait du r\u00e9sultat et du travail accompli. Merci \u00e0 l\u2019\u00e9quipe. \u00bb<\/p><p><strong>Gerard<\/strong><\/p>\t\t\t\t\t\t\t\t<\/div>\n\t\t\t\t<\/div>\n\t\t\t\t<\/div>\n\t\t<div class=\"elementor-element elementor-element-e2fc00b e-con-full e-flex e-con e-child\" data-id=\"e2fc00b\" data-element_type=\"container\">\n\t\t<div class=\"elementor-element elementor-element-be50180 e-con-full e-flex e-con e-child\" data-id=\"be50180\" data-element_type=\"container\">\n\t\t\t\t<div class=\"elementor-element elementor-element-56f8ae1 elementor-widget elementor-widget-text-editor\" data-id=\"56f8ae1\" data-element_type=\"widget\" data-widget_type=\"text-editor.default\">\n\t\t\t\t<div class=\"elementor-widget-container\">\n\t\t\t\t\t\t\t\t\t<p>\u00ab Nous sommes particuli\u00e8rement ravis du travail effectu\u00e9 par Alexis et ses coll\u00e8gues. Install\u00e9 il y a maintenant 1 an, l&rsquo;abri \u00e0 v\u00e9lo personnalis\u00e9 avec panneaux photovoltaiques est un r\u00e9el plus pour notre camping.<br \/>L&rsquo;attention d&rsquo;Alexis aux d\u00e9tails pratiques mais aussi esth\u00e9tiques \u00e0 eu des cons\u00e9quences : 12 campeurs ont voulu conna\u00eetre le nom du constructeur. \u00bb<\/p><p><strong>Camping Lous Suais<\/strong><\/p>\t\t\t\t\t\t\t\t<\/div>\n\t\t\t\t<\/div>\n\t\t\t\t<\/div>\n\t\t\t\t<\/div>\n\t\t\t\t\t<\/div>\n\t\t\t\t<\/div>\n\t\t<div class=\"elementor-element elementor-element-8c66c7a e-flex e-con-boxed e-con e-parent\" data-id=\"8c66c7a\" data-element_type=\"container\">\n\t\t\t\t\t<div class=\"e-con-inner\">\n\t\t\t\t<div class=\"elementor-element elementor-element-865d101 elementor-widget elementor-widget-spacer\" data-id=\"865d101\" data-element_type=\"widget\" data-widget_type=\"spacer.default\">\n\t\t\t\t<div class=\"elementor-widget-container\">\n\t\t\t\t\t\t\t<div class=\"elementor-spacer\">\n\t\t\t<div class=\"elementor-spacer-inner\"><\/div>\n\t\t<\/div>\n\t\t\t\t\t\t<\/div>\n\t\t\t\t<\/div>\n\t\t\t\t<div class=\"elementor-element elementor-element-5c0329c elementor-widget elementor-widget-heading\" data-id=\"5c0329c\" data-element_type=\"widget\" data-widget_type=\"heading.default\">\n\t\t\t\t<div class=\"elementor-widget-container\">\n\t\t\t\t\t<h2 class=\"elementor-heading-title elementor-size-default\"><a href=\"https:\/\/sco2bois.com\/\">https:\/\/sco2bois.com\/<\/a><\/h2>\t\t\t\t<\/div>\n\t\t\t\t<\/div>\n\t\t\t\t<div class=\"elementor-element elementor-element-068bf6a elementor-widget elementor-widget-spacer\" data-id=\"068bf6a\" data-element_type=\"widget\" data-widget_type=\"spacer.default\">\n\t\t\t\t<div class=\"elementor-widget-container\">\n\t\t\t\t\t\t\t<div class=\"elementor-spacer\">\n\t\t\t<div class=\"elementor-spacer-inner\"><\/div>\n\t\t<\/div>\n\t\t\t\t\t\t<\/div>\n\t\t\t\t<\/div>\n\t\t\t\t\t<\/div>\n\t\t\t\t<\/div>\n\t\t<div class=\"elementor-element elementor-element-0b262e6 e-flex e-con-boxed e-con e-parent\" data-id=\"0b262e6\" data-element_type=\"container\" data-settings=\"{&quot;background_background&quot;:&quot;classic&quot;}\">\n\t\t\t\t\t<div class=\"e-con-inner\">\n\t\t\t\t<div class=\"elementor-element elementor-element-74e3602 elementor-widget elementor-widget-formidable\" data-id=\"74e3602\" data-element_type=\"widget\" data-widget_type=\"formidable.default\">\n\t\t\t\t<div class=\"elementor-widget-container\">\n\t\t\t\t\t<div class=\"frm_forms  with_frm_style frm_style_style-formidable\" id=\"frm_form_3_container\" data-token=\"4947bdd940e8704b255a784049ab8ed0\">\n<form enctype=\"multipart\/form-data\" method=\"post\" class=\"frm-show-form \" id=\"form_contact-accueil\" data-token=\"4947bdd940e8704b255a784049ab8ed0\">\n<div class=\"frm_form_fields \">\n<fieldset>\n<legend class=\"frm_screen_reader\">Contact accueil<\/legend>\r\n\r\n<div class=\"frm_fields_container\">\n<input type=\"hidden\" name=\"frm_action\" value=\"create\" \/>\n<input type=\"hidden\" name=\"form_id\" value=\"3\" \/>\n<input type=\"hidden\" name=\"frm_hide_fields_3\" id=\"frm_hide_fields_3\" value=\"\" \/>\n<input type=\"hidden\" name=\"form_key\" value=\"contact-accueil\" \/>\n<input type=\"hidden\" name=\"item_meta[0]\" value=\"\" \/>\n<input type=\"hidden\" id=\"frm_submit_entry_3\" name=\"frm_submit_entry_3\" value=\"b8e0bf34a8\" \/><input type=\"hidden\" name=\"_wp_http_referer\" value=\"\/index.php\/wp-json\/wp\/v2\/pages\/918\" \/><div id=\"frm_field_12_container\" class=\"frm_form_field form-field  frm_required_field frm_top_container frm_half\">\r\n    <label for=\"field_2po6o\" id=\"field_2po6o_label\" class=\"frm_primary_label\">Pr\u00e9nom\r\n        <span class=\"frm_required\" aria-hidden=\"true\">*<\/span>\r\n    <\/label>\r\n    <input type=\"text\" id=\"field_2po6o\" name=\"item_meta[12]\" value=\"\"  data-reqmsg=\"Ce champ ne peut pas \u00eatre vide\" aria-required=\"true\" data-invmsg=\"texte est non valide\" aria-invalid=\"false\"  \/>\r\n    \r\n    \r\n<\/div>\n<div id=\"frm_field_11_container\" class=\"frm_form_field form-field  frm_required_field frm_top_container frm_half\">\r\n    <label for=\"field_7nal7\" id=\"field_7nal7_label\" class=\"frm_primary_label\">Nom\r\n        <span class=\"frm_required\" aria-hidden=\"true\">*<\/span>\r\n    <\/label>\r\n    <input type=\"text\" id=\"field_7nal7\" name=\"item_meta[11]\" value=\"\"  data-reqmsg=\"Ce champ ne peut pas \u00eatre vide\" aria-required=\"true\" data-invmsg=\"texte est non valide\" aria-invalid=\"false\"  \/>\r\n    \r\n    \r\n<\/div>\n<div id=\"frm_field_13_container\" class=\"frm_form_field form-field  frm_required_field frm_top_container frm12\">\r\n    <label for=\"field_s5ihz\" id=\"field_s5ihz_label\" class=\"frm_primary_label\">T\u00e9l\u00e9phone\r\n        <span class=\"frm_required\" aria-hidden=\"true\">*<\/span>\r\n    <\/label>\r\n    <input type=\"text\" id=\"field_s5ihz\" name=\"item_meta[13]\" value=\"\"  data-reqmsg=\"Ce champ ne peut pas \u00eatre vide\" aria-required=\"true\" data-invmsg=\"texte est non valide\" aria-invalid=\"false\"  \/>\r\n    \r\n    \r\n<\/div>\n<div id=\"frm_field_16_container\" class=\"frm_form_field form-field  frm_required_field frm_top_container frm12\">\r\n    <label for=\"field_5k7x5\" id=\"field_5k7x5_label\" class=\"frm_primary_label\">Email\r\n        <span class=\"frm_required\" aria-hidden=\"true\">*<\/span>\r\n    <\/label>\r\n    <input type=\"email\" id=\"field_5k7x5\" name=\"item_meta[16]\" value=\"\"  data-reqmsg=\"Ce champ ne peut pas \u00eatre vide\" aria-required=\"true\" data-invmsg=\"Email est non valide\" aria-invalid=\"false\"  \/>\r\n    \r\n    \r\n<\/div>\n<div id=\"frm_field_18_container\" class=\"frm_form_field form-field  frm_required_field frm_top_container frm12\">\r\n    <label for=\"field_sskc9\" id=\"field_sskc9_label\" class=\"frm_primary_label\">Localisation\r\n        <span class=\"frm_required\" aria-hidden=\"true\">*<\/span>\r\n    <\/label>\r\n    <input type=\"text\" id=\"field_sskc9\" name=\"item_meta[18]\" value=\"\"  data-reqmsg=\"Ce champ ne peut pas \u00eatre vide\" aria-required=\"true\" data-invmsg=\"texte est non valide\" aria-invalid=\"false\"  \/>\r\n    \r\n    \r\n<\/div>\n<div id=\"frm_field_20_container\" class=\"frm_form_field form-field  frm_top_container frm12\">\r\n    <label for=\"field_s22ju\" id=\"field_s22ju_label\" class=\"frm_primary_label\">Message\r\n        <span class=\"frm_required\" aria-hidden=\"true\"><\/span>\r\n    <\/label>\r\n    <textarea name=\"item_meta[20]\" id=\"field_s22ju\" rows=\"5\"  placeholder=\"D\u00e9crivez nous votre projet\" data-invmsg=\"Message est non valide\" aria-invalid=\"false\"  ><\/textarea>\r\n    \r\n    \r\n<\/div>\n<div id=\"frm_field_22_container\" class=\"frm_form_field form-field  frm_none_container frm12\">\n\t<label for=\"g-recaptcha-response\" id=\"field_mine1_label\" class=\"frm_primary_label\">Captcha\n\t\t<span class=\"frm_required\" aria-hidden=\"true\"><\/span>\n\t<\/label>\n\t<div  id=\"field_mine1\" class=\"frm-g-recaptcha\" data-sitekey=\"6LcrNocrAAAAALN0dI2IOv0aodUV391HoHn2CQPq\" data-size=\"normal\" data-theme=\"light\"><\/div>\n\t\n\t\n<\/div>\n<div id=\"frm_field_21_container\" class=\"frm_form_field form-field \">\n\t<div class=\"frm_submit frm_flex\">\r\n<button class=\"frm_button_submit\" type=\"submit\"  >Envoyer<\/button>\r\n\r\n\r\n\r\n<\/div>\n<\/div>\n\t<input type=\"hidden\" name=\"item_key\" value=\"\" \/>\n\t\t\t<div id=\"frm_field_23_container\">\n\t\t\t<label for=\"field_s5ycn\" >\n\t\t\t\tSi vous \u00eates un humain, ne remplissez pas ce champ.\t\t\t<\/label>\n\t\t\t<input  id=\"field_s5ycn\" type=\"text\" class=\"frm_form_field form-field frm_verify\" name=\"item_meta[23]\" value=\"\"  \/>\n\t\t<\/div>\n\t\t<input name=\"frm_state\" type=\"hidden\" value=\"H0F8a\/K1LbKe08yX8mpRCM4sCdcnc4JuTQYdMTGjc8g=\" \/><\/div>\n<\/fieldset>\n<\/div>\n\n<\/form>\n<\/div>\n\t\t\t\t<\/div>\n\t\t\t\t<\/div>\n\t\t\t\t\t<\/div>\n\t\t\t\t<\/div>\n\t\t\t\t<\/div>\n\t\t","protected":false},"excerpt":{"rendered":"<p>Abris sp\u00e9ciaux CONCEPTEUR et REALISATEUR, nous vous accompagnons dans tous vos projets d&rsquo;am\u00e9nagement. De la conception \u00e0 la r\u00e9alisation, vous interagissez uniquement avec un technicien d\u00e9di\u00e9, et b\u00e9n\u00e9ficiez d\u2019un accompagnement personnalis\u00e9 jusqu&rsquo;\u00e0 la finalisation de votre abri solaire. Chaque demande est \u00e9tudi\u00e9e au cas par cas, afin de s\u2019adapter au mieux \u00e0 vos besoins et [&hellip;]<\/p>\n","protected":false},"author":1,"featured_media":0,"parent":0,"menu_order":0,"comment_status":"closed","ping_status":"closed","template":"","meta":{"_monsterinsights_skip_tracking":false,"_monsterinsights_sitenote_active":false,"_monsterinsights_sitenote_note":"","_monsterinsights_sitenote_category":0,"_uf_show_specific_survey":0,"_uf_disable_surveys":false,"ocean_post_layout":"","ocean_both_sidebars_style":"","ocean_both_sidebars_content_width":0,"ocean_both_sidebars_sidebars_width":0,"ocean_sidebar":"","ocean_second_sidebar":"","ocean_disable_margins":"enable","ocean_add_body_class":"","ocean_shortcode_before_top_bar":"","ocean_shortcode_after_top_bar":"","ocean_shortcode_before_header":"","ocean_shortcode_after_header":"","ocean_has_shortcode":"","ocean_shortcode_after_title":"","ocean_shortcode_before_footer_widgets":"","ocean_shortcode_after_footer_widgets":"","ocean_shortcode_before_footer_bottom":"","ocean_shortcode_after_footer_bottom":"","ocean_display_top_bar":"default","ocean_display_header":"default","ocean_header_style":"","ocean_center_header_left_menu":"","ocean_custom_header_template":"","ocean_custom_logo":0,"ocean_custom_retina_logo":0,"ocean_custom_logo_max_width":0,"ocean_custom_logo_tablet_max_width":0,"ocean_custom_logo_mobile_max_width":0,"ocean_custom_logo_max_height":0,"ocean_custom_logo_tablet_max_height":0,"ocean_custom_logo_mobile_max_height":0,"ocean_header_custom_menu":"","ocean_menu_typo_font_family":"","ocean_menu_typo_font_subset":"","ocean_menu_typo_font_size":0,"ocean_menu_typo_font_size_tablet":0,"ocean_menu_typo_font_size_mobile":0,"ocean_menu_typo_font_size_unit":"px","ocean_menu_typo_font_weight":"","ocean_menu_typo_font_weight_tablet":"","ocean_menu_typo_font_weight_mobile":"","ocean_menu_typo_transform":"","ocean_menu_typo_transform_tablet":"","ocean_menu_typo_transform_mobile":"","ocean_menu_typo_line_height":0,"ocean_menu_typo_line_height_tablet":0,"ocean_menu_typo_line_height_mobile":0,"ocean_menu_typo_line_height_unit":"","ocean_menu_typo_spacing":0,"ocean_menu_typo_spacing_tablet":0,"ocean_menu_typo_spacing_mobile":0,"ocean_menu_typo_spacing_unit":"","ocean_menu_link_color":"","ocean_menu_link_color_hover":"","ocean_menu_link_color_active":"","ocean_menu_link_background":"","ocean_menu_link_hover_background":"","ocean_menu_link_active_background":"","ocean_menu_social_links_bg":"","ocean_menu_social_hover_links_bg":"","ocean_menu_social_links_color":"","ocean_menu_social_hover_links_color":"","ocean_disable_title":"default","ocean_disable_heading":"default","ocean_post_title":"","ocean_post_subheading":"","ocean_post_title_style":"","ocean_post_title_background_color":"","ocean_post_title_background":0,"ocean_post_title_bg_image_position":"","ocean_post_title_bg_image_attachment":"","ocean_post_title_bg_image_repeat":"","ocean_post_title_bg_image_size":"","ocean_post_title_height":0,"ocean_post_title_bg_overlay":0.5,"ocean_post_title_bg_overlay_color":"","ocean_disable_breadcrumbs":"default","ocean_breadcrumbs_color":"","ocean_breadcrumbs_separator_color":"","ocean_breadcrumbs_links_color":"","ocean_breadcrumbs_links_hover_color":"","ocean_display_footer_widgets":"default","ocean_display_footer_bottom":"default","ocean_custom_footer_template":"","footnotes":""},"class_list":["post-918","page","type-page","status-publish","hentry","entry"],"yoast_head":"<!-- This site is optimized with the Yoast SEO plugin v25.5 - https:\/\/yoast.com\/wordpress\/plugins\/seo\/ -->\n<title>Abris sp\u00e9ciaux sur mesure en bois | Sco2Bois<\/title>\n<meta name=\"description\" content=\"Conception et R\u00e9alisation de carports solaires, Pergolas solaires, Abris de jardin solaires, Abris v\u00e9los solaires, Ombri\u00e8res photovolta\u00efques.\" \/>\n<meta name=\"robots\" content=\"index, follow, max-snippet:-1, max-image-preview:large, max-video-preview:-1\" \/>\n<link rel=\"canonical\" href=\"https:\/\/abrisolaires.com\/index.php\/abris-speciaux\/\" \/>\n<meta property=\"og:locale\" content=\"fr_FR\" \/>\n<meta property=\"og:type\" content=\"article\" \/>\n<meta property=\"og:title\" content=\"Abris sp\u00e9ciaux sur mesure en bois | Sco2Bois\" \/>\n<meta property=\"og:description\" content=\"Conception et R\u00e9alisation de carports solaires, Pergolas solaires, Abris de jardin solaires, Abris v\u00e9los solaires, Ombri\u00e8res photovolta\u00efques.\" \/>\n<meta property=\"og:url\" content=\"https:\/\/abrisolaires.com\/index.php\/abris-speciaux\/\" \/>\n<meta property=\"og:site_name\" content=\"Sco2Bois\" \/>\n<meta property=\"article:modified_time\" content=\"2024-03-22T09:14:31+00:00\" \/>\n<meta property=\"og:image\" content=\"http:\/\/abrisolaires.com\/wp-content\/uploads\/2024\/01\/IMG-20231207-WA0022.jpg\" \/>\n<meta name=\"twitter:card\" content=\"summary_large_image\" \/>\n<meta name=\"twitter:label1\" content=\"Dur\u00e9e de lecture estim\u00e9e\" \/>\n\t<meta name=\"twitter:data1\" content=\"4 minutes\" \/>\n<script type=\"application\/ld+json\" class=\"yoast-schema-graph\">{\"@context\":\"https:\/\/schema.org\",\"@graph\":[{\"@type\":\"WebPage\",\"@id\":\"https:\/\/abrisolaires.com\/index.php\/abris-speciaux\/\",\"url\":\"https:\/\/abrisolaires.com\/index.php\/abris-speciaux\/\",\"name\":\"Abris sp\u00e9ciaux sur mesure en bois | Sco2Bois\",\"isPartOf\":{\"@id\":\"https:\/\/abrisolaires.com\/#website\"},\"primaryImageOfPage\":{\"@id\":\"https:\/\/abrisolaires.com\/index.php\/abris-speciaux\/#primaryimage\"},\"image\":{\"@id\":\"https:\/\/abrisolaires.com\/index.php\/abris-speciaux\/#primaryimage\"},\"thumbnailUrl\":\"http:\/\/abrisolaires.com\/wp-content\/uploads\/2024\/01\/IMG-20231207-WA0022.jpg\",\"datePublished\":\"2024-01-25T07:58:03+00:00\",\"dateModified\":\"2024-03-22T09:14:31+00:00\",\"description\":\"Conception et R\u00e9alisation de carports solaires, Pergolas solaires, Abris de jardin solaires, Abris v\u00e9los solaires, Ombri\u00e8res photovolta\u00efques.\",\"breadcrumb\":{\"@id\":\"https:\/\/abrisolaires.com\/index.php\/abris-speciaux\/#breadcrumb\"},\"inLanguage\":\"fr-FR\",\"potentialAction\":[{\"@type\":\"ReadAction\",\"target\":[\"https:\/\/abrisolaires.com\/index.php\/abris-speciaux\/\"]}]},{\"@type\":\"ImageObject\",\"inLanguage\":\"fr-FR\",\"@id\":\"https:\/\/abrisolaires.com\/index.php\/abris-speciaux\/#primaryimage\",\"url\":\"http:\/\/abrisolaires.com\/wp-content\/uploads\/2024\/01\/IMG-20231207-WA0022.jpg\",\"contentUrl\":\"http:\/\/abrisolaires.com\/wp-content\/uploads\/2024\/01\/IMG-20231207-WA0022.jpg\"},{\"@type\":\"BreadcrumbList\",\"@id\":\"https:\/\/abrisolaires.com\/index.php\/abris-speciaux\/#breadcrumb\",\"itemListElement\":[{\"@type\":\"ListItem\",\"position\":1,\"name\":\"Accueil\",\"item\":\"https:\/\/abrisolaires.com\/\"},{\"@type\":\"ListItem\",\"position\":2,\"name\":\"Abris sp\u00e9ciaux\"}]},{\"@type\":\"WebSite\",\"@id\":\"https:\/\/abrisolaires.com\/#website\",\"url\":\"https:\/\/abrisolaires.com\/\",\"name\":\"Sco2Bois\",\"description\":\"Abris solaire\",\"publisher\":{\"@id\":\"https:\/\/abrisolaires.com\/#organization\"},\"potentialAction\":[{\"@type\":\"SearchAction\",\"target\":{\"@type\":\"EntryPoint\",\"urlTemplate\":\"https:\/\/abrisolaires.com\/?s={search_term_string}\"},\"query-input\":{\"@type\":\"PropertyValueSpecification\",\"valueRequired\":true,\"valueName\":\"search_term_string\"}}],\"inLanguage\":\"fr-FR\"},{\"@type\":\"Organization\",\"@id\":\"https:\/\/abrisolaires.com\/#organization\",\"name\":\"Sco2Bois\",\"url\":\"https:\/\/abrisolaires.com\/\",\"logo\":{\"@type\":\"ImageObject\",\"inLanguage\":\"fr-FR\",\"@id\":\"https:\/\/abrisolaires.com\/#\/schema\/logo\/image\/\",\"url\":\"http:\/\/abrisolaires.com\/wp-content\/uploads\/2023\/12\/Logo-Sco2bois.png\",\"contentUrl\":\"http:\/\/abrisolaires.com\/wp-content\/uploads\/2023\/12\/Logo-Sco2bois.png\",\"width\":861,\"height\":859,\"caption\":\"Sco2Bois\"},\"image\":{\"@id\":\"https:\/\/abrisolaires.com\/#\/schema\/logo\/image\/\"}}]}<\/script>\n<!-- \/ Yoast SEO plugin. -->","yoast_head_json":{"title":"Abris sp\u00e9ciaux sur mesure en bois | Sco2Bois","description":"Conception et R\u00e9alisation de carports solaires, Pergolas solaires, Abris de jardin solaires, Abris v\u00e9los solaires, Ombri\u00e8res photovolta\u00efques.","robots":{"index":"index","follow":"follow","max-snippet":"max-snippet:-1","max-image-preview":"max-image-preview:large","max-video-preview":"max-video-preview:-1"},"canonical":"https:\/\/abrisolaires.com\/index.php\/abris-speciaux\/","og_locale":"fr_FR","og_type":"article","og_title":"Abris sp\u00e9ciaux sur mesure en bois | Sco2Bois","og_description":"Conception et R\u00e9alisation de carports solaires, Pergolas solaires, Abris de jardin solaires, Abris v\u00e9los solaires, Ombri\u00e8res photovolta\u00efques.","og_url":"https:\/\/abrisolaires.com\/index.php\/abris-speciaux\/","og_site_name":"Sco2Bois","article_modified_time":"2024-03-22T09:14:31+00:00","og_image":[{"url":"http:\/\/abrisolaires.com\/wp-content\/uploads\/2024\/01\/IMG-20231207-WA0022.jpg","type":"","width":"","height":""}],"twitter_card":"summary_large_image","twitter_misc":{"Dur\u00e9e de lecture estim\u00e9e":"4 minutes"},"schema":{"@context":"https:\/\/schema.org","@graph":[{"@type":"WebPage","@id":"https:\/\/abrisolaires.com\/index.php\/abris-speciaux\/","url":"https:\/\/abrisolaires.com\/index.php\/abris-speciaux\/","name":"Abris sp\u00e9ciaux sur mesure en bois | Sco2Bois","isPartOf":{"@id":"https:\/\/abrisolaires.com\/#website"},"primaryImageOfPage":{"@id":"https:\/\/abrisolaires.com\/index.php\/abris-speciaux\/#primaryimage"},"image":{"@id":"https:\/\/abrisolaires.com\/index.php\/abris-speciaux\/#primaryimage"},"thumbnailUrl":"http:\/\/abrisolaires.com\/wp-content\/uploads\/2024\/01\/IMG-20231207-WA0022.jpg","datePublished":"2024-01-25T07:58:03+00:00","dateModified":"2024-03-22T09:14:31+00:00","description":"Conception et R\u00e9alisation de carports solaires, Pergolas solaires, Abris de jardin solaires, Abris v\u00e9los solaires, Ombri\u00e8res photovolta\u00efques.","breadcrumb":{"@id":"https:\/\/abrisolaires.com\/index.php\/abris-speciaux\/#breadcrumb"},"inLanguage":"fr-FR","potentialAction":[{"@type":"ReadAction","target":["https:\/\/abrisolaires.com\/index.php\/abris-speciaux\/"]}]},{"@type":"ImageObject","inLanguage":"fr-FR","@id":"https:\/\/abrisolaires.com\/index.php\/abris-speciaux\/#primaryimage","url":"http:\/\/abrisolaires.com\/wp-content\/uploads\/2024\/01\/IMG-20231207-WA0022.jpg","contentUrl":"http:\/\/abrisolaires.com\/wp-content\/uploads\/2024\/01\/IMG-20231207-WA0022.jpg"},{"@type":"BreadcrumbList","@id":"https:\/\/abrisolaires.com\/index.php\/abris-speciaux\/#breadcrumb","itemListElement":[{"@type":"ListItem","position":1,"name":"Accueil","item":"https:\/\/abrisolaires.com\/"},{"@type":"ListItem","position":2,"name":"Abris sp\u00e9ciaux"}]},{"@type":"WebSite","@id":"https:\/\/abrisolaires.com\/#website","url":"https:\/\/abrisolaires.com\/","name":"Sco2Bois","description":"Abris solaire","publisher":{"@id":"https:\/\/abrisolaires.com\/#organization"},"potentialAction":[{"@type":"SearchAction","target":{"@type":"EntryPoint","urlTemplate":"https:\/\/abrisolaires.com\/?s={search_term_string}"},"query-input":{"@type":"PropertyValueSpecification","valueRequired":true,"valueName":"search_term_string"}}],"inLanguage":"fr-FR"},{"@type":"Organization","@id":"https:\/\/abrisolaires.com\/#organization","name":"Sco2Bois","url":"https:\/\/abrisolaires.com\/","logo":{"@type":"ImageObject","inLanguage":"fr-FR","@id":"https:\/\/abrisolaires.com\/#\/schema\/logo\/image\/","url":"http:\/\/abrisolaires.com\/wp-content\/uploads\/2023\/12\/Logo-Sco2bois.png","contentUrl":"http:\/\/abrisolaires.com\/wp-content\/uploads\/2023\/12\/Logo-Sco2bois.png","width":861,"height":859,"caption":"Sco2Bois"},"image":{"@id":"https:\/\/abrisolaires.com\/#\/schema\/logo\/image\/"}}]}},"_links":{"self":[{"href":"https:\/\/abrisolaires.com\/index.php\/wp-json\/wp\/v2\/pages\/918","targetHints":{"allow":["GET"]}}],"collection":[{"href":"https:\/\/abrisolaires.com\/index.php\/wp-json\/wp\/v2\/pages"}],"about":[{"href":"https:\/\/abrisolaires.com\/index.php\/wp-json\/wp\/v2\/types\/page"}],"author":[{"embeddable":true,"href":"https:\/\/abrisolaires.com\/index.php\/wp-json\/wp\/v2\/users\/1"}],"replies":[{"embeddable":true,"href":"https:\/\/abrisolaires.com\/index.php\/wp-json\/wp\/v2\/comments?post=918"}],"version-history":[{"count":32,"href":"https:\/\/abrisolaires.com\/index.php\/wp-json\/wp\/v2\/pages\/918\/revisions"}],"predecessor-version":[{"id":1613,"href":"https:\/\/abrisolaires.com\/index.php\/wp-json\/wp\/v2\/pages\/918\/revisions\/1613"}],"wp:attachment":[{"href":"https:\/\/abrisolaires.com\/index.php\/wp-json\/wp\/v2\/media?parent=918"}],"curies":[{"name":"wp","href":"https:\/\/api.w.org\/{rel}","templated":true}]}}